{"id":632,"date":"2024-09-17T12:21:04","date_gmt":"2024-09-17T12:21:04","guid":{"rendered":"https:\/\/aaa.clients.h2a.lu\/?page_id=632"},"modified":"2024-09-25T15:25:51","modified_gmt":"2024-09-25T15:25:51","slug":"evenements-phares-2023","status":"publish","type":"page","link":"https:\/\/aaa.rapport-annuel.lu\/2023\/evenements-phares-2023\/","title":{"rendered":"\u00c9v\u00e8nements phares"},"content":{"rendered":"\n<div class=\"ele-section-intro reveal reveal-visible-1\">\n\n    <div class=\"ele-section-intro-container wrapper\">\n\t\t <div class=\"row  middle-xs\" >\n\t\t\t <div class=\"col-xs-12  is-inset-top-200-mobile\">\n                                <h1 class=\"ele-section-intro-title reveal reveal-visible-1 up\">3.<br \/>\r\n\u00c9v\u00e9nements <br \/>\r\nphares de l&rsquo;AAA<\/h1>\n                <span class=\"numberbg\">23<\/span>            <\/div>\n            <div class=\"col-xs-12  col-md-offset-1 ele-section-eve-menu\">\n                        <\/div>\n            \n        <\/div>\n    <\/div>\n    <div class=\"ele-section-intro-scroll\">\n        <button class=\"mouse\">\n            <div class=\"scroll\"><\/div>\n        <\/button>\n    <\/div>\n            <img decoding=\"async\" class=\"ele-section-intro-image\" src=\"https:\/\/aaa.rapport-annuel.lu\/2023\/wp-content\/uploads\/2024\/08\/AAA-216_ret.png\">\n    <\/div>\n\n\n\n\n    <div class=\"bloc-timeline\">\n                    <div class=\"row \">\n                <div class=\"col-xs-12 col-md-5 end-md reveal reveal-visible-1 up is-inset-bottom-100 is-inset-bottom-20-mobile\">\n                                            <div class=\"ele-gallery-carousel owlnav-right owl-carousel\" data-item=\"1\" data-auto=\"true\"> \n                            \n                                                            <div class=\"item\">\n                                    <img decoding=\"async\" src=\"https:\/\/aaa.rapport-annuel.lu\/2023\/wp-content\/uploads\/2024\/08\/Forum-SST.jpg\" alt=\"\" \/>\n                                <\/div>\n                                                            <div class=\"item\">\n                                    <img decoding=\"async\" src=\"https:\/\/aaa.rapport-annuel.lu\/2023\/wp-content\/uploads\/2024\/09\/Photos-3.1.-Forum-3.jpg\" alt=\"\" \/>\n                                <\/div>\n                                                            <div class=\"item\">\n                                    <img decoding=\"async\" src=\"https:\/\/aaa.rapport-annuel.lu\/2023\/wp-content\/uploads\/2024\/09\/Photos-3.1.-Forum-4.jpg\" alt=\"\" \/>\n                                <\/div>\n                                                            <div class=\"item\">\n                                    <img decoding=\"async\" src=\"https:\/\/aaa.rapport-annuel.lu\/2023\/wp-content\/uploads\/2024\/09\/Photos-3.1.-Forum-5.jpg\" alt=\"\" \/>\n                                <\/div>\n                                                            <div class=\"item\">\n                                    <img decoding=\"async\" src=\"https:\/\/aaa.rapport-annuel.lu\/2023\/wp-content\/uploads\/2024\/09\/Photos-3.1.-Forum.jpg\" alt=\"\" \/>\n                                <\/div>\n                                                            <div class=\"item\">\n                                    <img decoding=\"async\" src=\"https:\/\/aaa.rapport-annuel.lu\/2023\/wp-content\/uploads\/2024\/09\/Photos-3.1.-Forum-2.jpg\" alt=\"\" \/>\n                                <\/div>\n                            \n                        <\/div>\n                                    <\/div>\n                <div class=\"col-xs-12 col-md-2 center-xs bloc-timeline-position reveal reveal-visible-2  is-relative\">  <div class=\"bloc-timeline-date color2\">11.05<\/div> <\/div>\n                <div class=\"col-xs-12 col-md-5 reveal reveal-visible-3 up is-inset-bottom-100  is-inset-bottom-60-mobile\">\n                    \n                          <h2 class=\"bloc-timeline-title\">3.1 Forum S\u00e9curit\u00e9-Sant\u00e9 au Travail 2023<\/h2>                                              <div class=\"bloc-timeline-texte is-inset-y-20\"><p>La 16<sup>e<\/sup> \u00e9dition du <a href=\"https:\/\/visionzero.lu\/fr\/forum-sst\/\" rel=\"noopener\" target=\"_blank\">Forum S\u00e9curit\u00e9-Sant\u00e9 au Travail<\/a> s\u2019est d\u00e9roul\u00e9e le 11 mai 2023 sous format d\u2019une conf\u00e9rence \u00e0 la Chambre de Commerce. Au cours de la journ\u00e9e, <strong>pr\u00e8s de 400 personnes ont particip\u00e9 \u00e0 la conf\u00e9rence.<br \/>\n<\/strong><br \/>\nL\u2019organisation du Forum SST a \u00e9t\u00e9 assur\u00e9e par les initiateurs de la VISION ZERO au Luxembourg\u00a0: l\u2019Association d\u2019assurance accident, l\u2019Union des Entreprises Luxembourgeoises et l\u2019Institut National pour le D\u00e9veloppement durable et la RSE en collaboration avec les partenaires\u00a0suivants\u00a0: l\u2019Organisme allemand d\u2019assurance accident pour les secteurs de l\u2019\u00e9nergie, du textile, des produits \u00e9lectriques et des m\u00e9dias (BG ETEM) et de la section \u00c9lectricit\u00e9 de l\u2019Association internationale de la s\u00e9curit\u00e9 sociale (ISSA).<\/p>\n<p>&nbsp;<\/p>\n<p><strong class=\"aaa-vision-title\">Plus de 30 orateurs nationaux et internationaux sont intervenus sur sc\u00e8ne.<\/strong><\/p>\n<p><strong>Les ministres partenaires M. Claude Haagen<\/strong> (MSS &amp; MA), <strong>M. Georges Engel<\/strong> (MTEESS) et <strong>Mme Paulette Lenert<\/strong> (MS) ont pu s\u2019adresser aux participants du Forum en introduction de la session pl\u00e9ni\u00e8re. <strong>Des stands d\u2019exposants<\/strong> des organisateurs et des partenaires du Forum SST ont \u00e9galement \u00e9t\u00e9 mis en place pour informer et conseiller les participants du Forum dans toutes les questions relatives \u00e0 la mati\u00e8re. La journ\u00e9e \u00e9tait r\u00e9partie<strong> en session pl\u00e9ni\u00e8re le matin et en 3 sessions th\u00e9matiques l\u2019apr\u00e8s-midi.<\/strong><\/p>\n<\/div>                           <a href=\"https:\/\/youtu.be\/oQjMOAL005w?si=V-NlAfdzMxAFN124\" target=\"_blank\" class=\"button is-tertiary\">D\u00e9couvrir la vid\u00e9o<\/a>\n                <\/div>\n            <\/div>\n                    <div class=\"row reverse\">\n                <div class=\"col-xs-12 col-md-5 end-md reveal reveal-visible-1 up is-inset-bottom-100 is-inset-bottom-20-mobile\">\n                                            <div class=\"ele-gallery-carousel owlnav-right owl-carousel\" data-item=\"1\" data-auto=\"true\"> \n                            \n                                                            <div class=\"item\">\n                                    <img decoding=\"async\" src=\"https:\/\/aaa.rapport-annuel.lu\/2023\/wp-content\/uploads\/2024\/08\/MockupLux_Christophe_Aldaoud_Billboard-Print-Tram-Stop-Theatre.jpg\" alt=\"\" \/>\n                                <\/div>\n                            \n                        <\/div>\n                                    <\/div>\n                <div class=\"col-xs-12 col-md-2 center-xs bloc-timeline-position reveal reveal-visible-2  is-relative\">  <div class=\"bloc-timeline-date color1\">05.06<\/div> <\/div>\n                <div class=\"col-xs-12 col-md-5 reveal reveal-visible-3 up is-inset-bottom-100  is-inset-bottom-60-mobile\">\n                    \n                          <h2 class=\"bloc-timeline-title\">3.2 Campagne de communication<\/h2>                        <span class=\"bloc-timeline-sstitle\">de la Cit\u00e9 de la s\u00e9curit\u00e9 sociale<\/span>                          <div class=\"bloc-timeline-texte is-inset-y-20\"><p>Une campagne de communication sur la nouvelle adresse des institutions de la s\u00e9curit\u00e9 sociale a \u00e9t\u00e9 \u00e9labor\u00e9e par un groupe de travail compos\u00e9 par les responsables de la communication des diff\u00e9rentes institutions. <\/p>\n<p>&nbsp;<\/p>\n<p>La campagne cross-m\u00e9dia a \u00e9t\u00e9 diffus\u00e9e \u00e0 travers le pays afin d\u2019informer le grand public de ce changement d\u2019adresse. Ce groupe de travail a \u00e9galement assur\u00e9 une communication en interne pour informer les agents sur toutes les modalit\u00e9s du nouveau b\u00e2timent. \u00c0 cette fin, un guide d\u2019accueil a \u00e9t\u00e9 \u00e9labor\u00e9 et un site internet a regroup\u00e9 toutes les actualit\u00e9s sur la Cit\u00e9 de la s\u00e9curit\u00e9 sociale. De plus, des informations sp\u00e9cifiques ont \u00e9t\u00e9 publi\u00e9es sur les sites Intranet des institutions. <\/p>\n<\/div>                    \n                <\/div>\n            <\/div>\n                    <div class=\"row \">\n                <div class=\"col-xs-12 col-md-5 end-md reveal reveal-visible-1 up is-inset-bottom-100 is-inset-bottom-20-mobile\">\n                                            <div class=\"ele-gallery-carousel owlnav-right owl-carousel\" data-item=\"1\" data-auto=\"true\"> \n                            \n                                                            <div class=\"item\">\n                                    <img decoding=\"async\" src=\"https:\/\/aaa.rapport-annuel.lu\/2023\/wp-content\/uploads\/2024\/08\/European-Forum-Helsinki.jpg\" alt=\"\" \/>\n                                <\/div>\n                            \n                        <\/div>\n                                    <\/div>\n                <div class=\"col-xs-12 col-md-2 center-xs bloc-timeline-position reveal reveal-visible-2  is-relative\">  <div class=\"bloc-timeline-date color1\">07>09.06<\/div> <\/div>\n                <div class=\"col-xs-12 col-md-5 reveal reveal-visible-3 up is-inset-bottom-100  is-inset-bottom-60-mobile\">\n                    \n                          <h2 class=\"bloc-timeline-title\">3.3 European Forum Helsinki<\/h2>                        <span class=\"bloc-timeline-sstitle\">\u00e0 Helsinki<\/span>                          <div class=\"bloc-timeline-texte is-inset-y-20\"><p>Du 7 au 9 juin 2023, des repr\u00e9sentants de diff\u00e9rents services de l\u2019AAA \u00e9taient pr\u00e9sents au \u00ab\u2009European Forum of Insurance against Accidents at Work and Occupational Diseases\u2009\u00bb \u00e0 Helsinki, une conf\u00e9rence r\u00e9unissant les institutions europ\u00e9ennes publiques et priv\u00e9es engag\u00e9es dans l\u2019assurance contre les accidents du travail et les maladies professionnelles. Lors d\u2019une session th\u00e9matique, l\u2019AAA a pr\u00e9sent\u00e9 la strat\u00e9gie nationale VISION ZERO. L\u2019AAA a \u00e9galement particip\u00e9 aux groupes de travail \u00ab L\u00e9gislation \u00bb, \u00ab Maladies professionnelles \u00bb et \u00ab Communication \u00bb.<\/p>\n<\/div>                    \n                <\/div>\n            <\/div>\n                    <div class=\"row reverse\">\n                <div class=\"col-xs-12 col-md-5 end-md reveal reveal-visible-1 up is-inset-bottom-100 is-inset-bottom-20-mobile\">\n                                            <div class=\"ele-gallery-carousel owlnav-right owl-carousel\" data-item=\"1\" data-auto=\"true\"> \n                            \n                                                            <div class=\"item\">\n                                    <img decoding=\"async\" src=\"https:\/\/aaa.rapport-annuel.lu\/2023\/wp-content\/uploads\/2024\/08\/Inauguration-officielle.jpg\" alt=\"\" \/>\n                                <\/div>\n                                                            <div class=\"item\">\n                                    <img decoding=\"async\" src=\"https:\/\/aaa.rapport-annuel.lu\/2023\/wp-content\/uploads\/2024\/09\/Photo-3.4.-Inauguration.jpg\" alt=\"\" \/>\n                                <\/div>\n                            \n                        <\/div>\n                                    <\/div>\n                <div class=\"col-xs-12 col-md-2 center-xs bloc-timeline-position reveal reveal-visible-2  is-relative\">  <div class=\"bloc-timeline-date color2\">15.06<\/div> <\/div>\n                <div class=\"col-xs-12 col-md-5 reveal reveal-visible-3 up is-inset-bottom-100  is-inset-bottom-60-mobile\">\n                    \n                          <h2 class=\"bloc-timeline-title\">3.4 Inauguration officielle<\/h2>                        <span class=\"bloc-timeline-sstitle\">de la Cit\u00e9 de la s\u00e9curit\u00e9 sociale<\/span>                          <div class=\"bloc-timeline-texte is-inset-y-20\"><p>En date du 15 juin 2023, M. Claude Haagen, ministre de la s\u00e9curit\u00e9 sociale, et M. Alain Reuter, pr\u00e9sident du Fonds de compensation (FDC), en pr\u00e9sence de Mme Lydie Polfer, bourgmestre de la Ville de Luxembourg, des pr\u00e9sidents et directeurs des organismes de la s\u00e9curit\u00e9 sociale et des architectes du projet, ont proc\u00e9d\u00e9 \u00e0 l\u2019inauguration officielle de la nouvelle Cit\u00e9 de la s\u00e9curit\u00e9 sociale.<br \/>\nLa Cit\u00e9 de la s\u00e9curit\u00e9 sociale, construite par le FDC et qui en reste le propri\u00e9taire, est un complexe architectural moderne et fonctionnel situ\u00e9 au c\u0153ur de la ville de Luxembourg.<\/p>\n<p>&nbsp;<\/p>\n<p>Regroupant les principaux organismes de la s\u00e9curit\u00e9 sociale (Administration d\u2019\u00e9valuation et de contr\u00f4le de l\u2019assurance d\u00e9pendance (AEC), Contr\u00f4le m\u00e9dical de la s\u00e9curit\u00e9 sociale (CMSS), Caisse nationale de sant\u00e9 (CNS), Centre commun de la s\u00e9curit\u00e9 sociale (CCSS) et l\u2019Association d\u2019assurance accident (AAA)), ce nouveau b\u00e2timent favorise une collaboration \u00e9troite et efficace entre les diff\u00e9rents acteurs.<\/p>\n<p>&nbsp;<\/p>\n<p>L\u2019ouverture de la Cit\u00e9 de la s\u00e9curit\u00e9 sociale repr\u00e9sente un tournant majeur dans l\u2019histoire de la s\u00e9curit\u00e9 sociale du Luxembourg. L\u2019ancien b\u00e2timent de l\u2019Office des assurances sociales \u00e9tait devenu trop petit pour les quelques 1.000 employ\u00e9s et ne permettait plus de r\u00e9pondre aux besoins changeants des organismes. Construit en 1984, ce b\u00e2timent avait d\u00e9j\u00e0 \u00e9t\u00e9 agrandi et avait atteint ses limites d\u2019une part, en termes d\u2019espace, et d\u2019autre part, en v\u00e9tust\u00e9.<br \/>\nLe nouveau b\u00e2timent offre plus de 52.000 m\u00e8tres carr\u00e9s\u00a0\u2212 la surface disponible s\u2019est ainsi doubl\u00e9e par rapport aux anciens locaux\u00a0\u2212 et permet de mieux recevoir les personnes assur\u00e9es avec des guichets plus accueillants et une salle d\u2019attente de 220 places assises. Par sa proximit\u00e9 avec la gare de Luxembourg, l\u2019acc\u00e8s est \u00e9galement facilit\u00e9 pour les assur\u00e9s venant des quatre coins du pays.<\/p>\n<\/div>                    \n                <\/div>\n            <\/div>\n                    <div class=\"row \">\n                <div class=\"col-xs-12 col-md-5 end-md reveal reveal-visible-1 up is-inset-bottom-100 is-inset-bottom-20-mobile\">\n                                            <div class=\"ele-gallery-carousel owlnav-right owl-carousel\" data-item=\"1\" data-auto=\"true\"> \n                            \n                                                            <div class=\"item\">\n                                    <img decoding=\"async\" src=\"https:\/\/aaa.rapport-annuel.lu\/2023\/wp-content\/uploads\/2024\/08\/Foire-agricole.jpg\" alt=\"\" \/>\n                                <\/div>\n                                                            <div class=\"item\">\n                                    <img decoding=\"async\" src=\"https:\/\/aaa.rapport-annuel.lu\/2023\/wp-content\/uploads\/2024\/09\/Photo-3.5.-Foire-agricole.jpg\" alt=\"\" \/>\n                                <\/div>\n                            \n                        <\/div>\n                                    <\/div>\n                <div class=\"col-xs-12 col-md-2 center-xs bloc-timeline-position reveal reveal-visible-2  is-relative\">  <div class=\"bloc-timeline-date color1\">30.06 > 02.07<\/div> <\/div>\n                <div class=\"col-xs-12 col-md-5 reveal reveal-visible-3 up is-inset-bottom-100  is-inset-bottom-60-mobile\">\n                    \n                          <h2 class=\"bloc-timeline-title\">3.5 Foire agricole<\/h2>                        <span class=\"bloc-timeline-sstitle\">\u00e0 Ettelbruck<\/span>                          <div class=\"bloc-timeline-texte is-inset-y-20\"><p>Du 30 juin au 2 juillet 2023, le service \u00ab Pr\u00e9vention \u00bb et le service \u00ab Prestations \u00bb ont particip\u00e9 \u00e0 la Foire Agricole d\u2019Ettelbruck en pr\u00e9sentant les d\u00e9fis sp\u00e9cifiques de la s\u00e9curit\u00e9 et sant\u00e9 au travail dans le secteur agricole<\/p>\n<\/div>                    \n                <\/div>\n            <\/div>\n                    <div class=\"row reverse\">\n                <div class=\"col-xs-12 col-md-5 end-md reveal reveal-visible-1 up is-inset-bottom-100 is-inset-bottom-20-mobile\">\n                                            <div class=\"ele-gallery-carousel owlnav-right owl-carousel\" data-item=\"1\" data-auto=\"true\"> \n                            \n                                                            <div class=\"item\">\n                                    <img decoding=\"async\" src=\"https:\/\/aaa.rapport-annuel.lu\/2023\/wp-content\/uploads\/2024\/08\/Campagne-VISION-ZERO.jpg\" alt=\"\" \/>\n                                <\/div>\n                            \n                        <\/div>\n                                    <\/div>\n                <div class=\"col-xs-12 col-md-2 center-xs bloc-timeline-position reveal reveal-visible-2  is-relative\">  <div class=\"bloc-timeline-date color1\">01.09<\/div> <\/div>\n                <div class=\"col-xs-12 col-md-5 reveal reveal-visible-3 up is-inset-bottom-100  is-inset-bottom-60-mobile\">\n                    \n                          <h2 class=\"bloc-timeline-title\">3.6 Campagne<\/h2>                        <span class=\"bloc-timeline-sstitle\">\u00ab Un accident de trajet peut \u00eatre \u2026 \u00e9vit\u00e9 ! \u00bb<\/span>                          <div class=\"bloc-timeline-texte is-inset-y-20\"><p>La 2<sup>\u00e8me<\/sup> vague de la campagne cross-m\u00e9dia en automne 2023 met l\u2019accent sur les accidents de la route pour se rendre au ou revenir du lieu de travail. La campagne avait pour objet d\u2019inciter les diff\u00e9rents acteurs concern\u00e9s \u00e0 s\u2019engager pour la s\u00e9curit\u00e9 routi\u00e8re.<\/p>\n<p>&nbsp;<\/p>\n<p>Le concept de cette nouvelle vague de la campagne \u00e9tait d\u2019\u00e9num\u00e9rer les cons\u00e9quences d\u2019un accident de la route, que ce soit sur le chemin du travail ou lors des d\u00e9placements professionnels.\u00a0Les affiches expliquent l\u2019objectif de la strat\u00e9gie VISION ZERO : \u00ab Un accident de trajet peut \u00eatre \u00e9vit\u00e9, gr\u00e2ce \u00e0 une culture de pr\u00e9vention. \u00bb<\/p>\n<\/div>                    \n                <\/div>\n            <\/div>\n                    <div class=\"row \">\n                <div class=\"col-xs-12 col-md-5 end-md reveal reveal-visible-1 up is-inset-bottom-100 is-inset-bottom-20-mobile\">\n                                            <div class=\"ele-gallery-carousel owlnav-right owl-carousel\" data-item=\"1\" data-auto=\"true\"> \n                            \n                                                            <div class=\"item\">\n                                    <img decoding=\"async\" src=\"https:\/\/aaa.rapport-annuel.lu\/2023\/wp-content\/uploads\/2024\/08\/AA.jpg\" alt=\"\" \/>\n                                <\/div>\n                            \n                        <\/div>\n                                    <\/div>\n                <div class=\"col-xs-12 col-md-2 center-xs bloc-timeline-position reveal reveal-visible-2  is-relative\">  <div class=\"bloc-timeline-date color1\">24>27.10<\/div> <\/div>\n                <div class=\"col-xs-12 col-md-5 reveal reveal-visible-3 up is-inset-bottom-100  is-inset-bottom-60-mobile\">\n                    \n                          <h2 class=\"bloc-timeline-title\">3.7 A+A D\u00fcsseldorf<\/h2>                                              <div class=\"bloc-timeline-texte is-inset-y-20\"><p>En octobre, la strat\u00e9gie VISION ZERO du Luxembourg a \u00e9t\u00e9 pr\u00e9sent\u00e9e lors du congr\u00e8s du salon \u00ab A+A \u00bb \u00e0 D\u00fcsseldorf, le plus grand \u00e9v\u00e9nement mondial en mati\u00e8re de s\u00e9curit\u00e9 et de sant\u00e9 au travail. <\/p>\n<\/div>                    \n                <\/div>\n            <\/div>\n                    <div class=\"row reverse\">\n                <div class=\"col-xs-12 col-md-5 end-md reveal reveal-visible-1 up is-inset-bottom-100 is-inset-bottom-20-mobile\">\n                                            <div class=\"ele-gallery-carousel owlnav-right owl-carousel\" data-item=\"1\" data-auto=\"true\"> \n                            \n                                                            <div class=\"item\">\n                                    <img decoding=\"async\" src=\"https:\/\/aaa.rapport-annuel.lu\/2023\/wp-content\/uploads\/2024\/08\/Visite-du-SAR-le-Grand-Duc.jpg\" alt=\"\" \/>\n                                <\/div>\n                                                            <div class=\"item\">\n                                    <img decoding=\"async\" src=\"https:\/\/aaa.rapport-annuel.lu\/2023\/wp-content\/uploads\/2024\/09\/Photo-3.7.-Visite-SAR-2.jpg\" alt=\"\" \/>\n                                <\/div>\n                                                            <div class=\"item\">\n                                    <img decoding=\"async\" src=\"https:\/\/aaa.rapport-annuel.lu\/2023\/wp-content\/uploads\/2024\/09\/Photo-3.7.-Visite-SAR.jpg\" alt=\"\" \/>\n                                <\/div>\n                            \n                        <\/div>\n                                    <\/div>\n                <div class=\"col-xs-12 col-md-2 center-xs bloc-timeline-position reveal reveal-visible-2  is-relative\">  <div class=\"bloc-timeline-date color2\">14.11<\/div> <\/div>\n                <div class=\"col-xs-12 col-md-5 reveal reveal-visible-3 up is-inset-bottom-100  is-inset-bottom-60-mobile\">\n                    \n                          <h2 class=\"bloc-timeline-title\">3.8 Visite de S.A.R. LE GRAND-DUC<\/h2>                        <span class=\"bloc-timeline-sstitle\">\u00e0 la Cit\u00e9 de la s\u00e9curit\u00e9 sociale<\/span>                          <div class=\"bloc-timeline-texte is-inset-y-20\"><p>Le mardi 14 novembre 2023, S.A.R. le Grand-Duc a visit\u00e9 les locaux de la Cit\u00e9 de la s\u00e9curit\u00e9 sociale. Accueilli par le ministre de la s\u00e9curit\u00e9 sociale, M. Claude Haagen, et le pr\u00e9sident du Fonds de compensation, M. Alain Reuter, Son Altesse Royale a entrepris une visite du nouveau b\u00e2timent en compagnie des pr\u00e9sidents et des directeurs des entit\u00e9s de la s\u00e9curit\u00e9 sociale ainsi que des architectes du projet.<\/p>\n<p>&nbsp;<\/p>\n<p>Au cours de sa visite, Son Altesse Royale a eu l\u2019opportunit\u00e9 de d\u00e9couvrir les diff\u00e9rents espaces et installations de la Cit\u00e9 de la s\u00e9curit\u00e9 sociale, regroupant l\u2019Administration d\u2019\u00e9valuation et de contr\u00f4le de l\u2019assurance d\u00e9pendance (AEC), le Contr\u00f4le m\u00e9dical de la s\u00e9curit\u00e9 sociale (CMSS), la Caisse nationale de sant\u00e9 (CNS), le Centre commun de la s\u00e9curit\u00e9 sociale (CCSS) et l\u2019Association d\u2019assurance accident (AAA).<br \/>\nSon Altesse Royale a \u00e9galement eu l\u2019occasion d\u2019\u00e9changer avec le personnel de diff\u00e9rentes institutions et administrations de la s\u00e9curit\u00e9 sociale.<\/p>\n<p>La visite guid\u00e9e s\u2019est conclue par des discours prononc\u00e9s par le ministre de la s\u00e9curit\u00e9 sociale et le pr\u00e9sident du Fonds de compensation, ainsi que de l\u2019architecte du projet, M. J\u00fcrgen B\u00f6ge. Chacun a soulign\u00e9 l\u2019importance de cette Cit\u00e9 de la s\u00e9curit\u00e9 sociale en tant que lieu de convergence, favorisant une collaboration \u00e9troite et efficace entre les diff\u00e9rentes entit\u00e9s et offrant un accueil de qualit\u00e9 aux assur\u00e9s.<\/p>\n<\/div>                    \n                <\/div>\n            <\/div>\n                    <div class=\"row \">\n                <div class=\"col-xs-12 col-md-5 end-md reveal reveal-visible-1 up is-inset-bottom-100 is-inset-bottom-20-mobile\">\n                                            <div class=\"ele-gallery-carousel owlnav-right owl-carousel\" data-item=\"1\" data-auto=\"true\"> \n                            \n                                                            <div class=\"item\">\n                                    <img decoding=\"async\" src=\"https:\/\/aaa.rapport-annuel.lu\/2023\/wp-content\/uploads\/2024\/08\/Congres-mondial.jpg\" alt=\"\" \/>\n                                <\/div>\n                                                            <div class=\"item\">\n                                    <img decoding=\"async\" src=\"https:\/\/aaa.rapport-annuel.lu\/2023\/wp-content\/uploads\/2024\/09\/3.9.-Congres-mondial.jpg\" alt=\"\" \/>\n                                <\/div>\n                                                            <div class=\"item\">\n                                    <img decoding=\"async\" src=\"https:\/\/aaa.rapport-annuel.lu\/2023\/wp-content\/uploads\/2024\/09\/3.9.-Congres-mondial-2.jpg\" alt=\"\" \/>\n                                <\/div>\n                            \n                        <\/div>\n                                    <\/div>\n                <div class=\"col-xs-12 col-md-2 center-xs bloc-timeline-position reveal reveal-visible-2  is-relative\">  <div class=\"bloc-timeline-date color1\">23>30.11<\/div> <\/div>\n                <div class=\"col-xs-12 col-md-5 reveal reveal-visible-3 up is-inset-bottom-100  is-inset-bottom-60-mobile\">\n                    \n                          <h2 class=\"bloc-timeline-title\">3.9 CONGR\u00c8S MONDIAL<\/h2>                        <span class=\"bloc-timeline-sstitle\">sur la s\u00e9curit\u00e9 et la sant\u00e9 au travail<\/span>                          <div class=\"bloc-timeline-texte is-inset-y-20\"><p>C\u2019est au 23<sup>e<\/sup> congr\u00e8s mondial sur la s\u00e9curit\u00e9 et la sant\u00e9 au travail que l\u2019AAA s\u2019est vu attribuer le \u00ab VISION ZERO Award \u00bb par l\u2019Association internationale de la s\u00e9curit\u00e9 sociale (AISS) \u00e0 Sydney en Australie, en novembre 2023. Organis\u00e9 tous les trois ans, le congr\u00e8s mondial est un forum international unique qui r\u00e9unit quelque 3.000 experts, d\u00e9cideurs du monde du travail, de la s\u00e9curit\u00e9 sociale et du secteur public ainsi que des repr\u00e9sentants des employeurs et des travailleurs du monde entier. Il sert de plateforme pour \u00e9changer des id\u00e9es, des r\u00e9sultats de recherches et des bonnes pratiques sur des questions tr\u00e8s actuelles dans le domaine de la s\u00e9curit\u00e9 et de la sant\u00e9 au travail.<\/p>\n<p>&nbsp;<\/p>\n<p>La Vision Z\u00e9ro \u00e9tait l\u2019un des th\u00e8mes majeurs de cet \u00e9v\u00e9nement. Dans son discours d\u2019ouverture du congr\u00e8s, le Pr\u00e9sident de l\u2019AISS, Dr Azman, a soulign\u00e9 : \u00ab La strat\u00e9gie Vision Z\u00e9ro permet \u00e0 chaque lieu de travail, chaque entreprise et chaque industrie dans chaque r\u00e9gion du monde, de construire sa propre culture de pr\u00e9vention \u00bb. Lanc\u00e9e en 2017 lors du congr\u00e8s mondial \u00e0 Singapour, la Vision Z\u00e9ro est depuis devenue une strat\u00e9gie mondiale de pr\u00e9vention.<\/p>\n<p>&nbsp;<\/p>\n<p>Lors de la c\u00e9r\u00e9monie de remise du prix \u00e0 Sydney, 21 partenaires de la Vision\u00a0Z\u00e9ro se sont vu remettre le Prix VISION ZERO par l\u2019AISS en guise de r\u00e9compense pour leurs efforts investis pour faire progresser la s\u00e9curit\u00e9, la sant\u00e9 et le bien-\u00eatre au niveau international ou national, et au sein des entreprises.<\/p>\n<p>&nbsp;<\/p>\n<p>L\u2019AAA, membre de l\u2019AISS, a obtenu le Prix Vision Z\u00e9ro pour sa capacit\u00e9 \u00e0 mettre en \u0153uvre la VISION\u00a0ZERO au niveau national. Dans son discours de cl\u00f4ture au congr\u00e8s mondial, le secr\u00e9taire g\u00e9n\u00e9ral de l\u2019AISS, M. Marcelo Caetano, a relev\u00e9 l\u2019exemple de la strat\u00e9gie nationale VISION ZERO au Luxembourg. En effet, le Luxembourg est, avec Singapour, le premier pays \u00e0 avoir mis en \u0153uvre cette strat\u00e9gie au niveau national.<\/p>\n<\/div>                    \n                <\/div>\n            <\/div>\n                <\/div>\n\n\n                ","protected":false},"excerpt":{"rendered":"","protected":false},"author":1,"featured_media":0,"parent":0,"menu_order":0,"comment_status":"closed","ping_status":"closed","template":"","meta":{"_acf_changed":false,"footnotes":""},"class_list":["post-632","page","type-page","status-publish","hentry"],"acf":[],"_links":{"self":[{"href":"https:\/\/aaa.rapport-annuel.lu\/2023\/wp-json\/wp\/v2\/pages\/632","targetHints":{"allow":["GET"]}}],"collection":[{"href":"https:\/\/aaa.rapport-annuel.lu\/2023\/wp-json\/wp\/v2\/pages"}],"about":[{"href":"https:\/\/aaa.rapport-annuel.lu\/2023\/wp-json\/wp\/v2\/types\/page"}],"author":[{"embeddable":true,"href":"https:\/\/aaa.rapport-annuel.lu\/2023\/wp-json\/wp\/v2\/users\/1"}],"replies":[{"embeddable":true,"href":"https:\/\/aaa.rapport-annuel.lu\/2023\/wp-json\/wp\/v2\/comments?post=632"}],"version-history":[{"count":15,"href":"https:\/\/aaa.rapport-annuel.lu\/2023\/wp-json\/wp\/v2\/pages\/632\/revisions"}],"predecessor-version":[{"id":1056,"href":"https:\/\/aaa.rapport-annuel.lu\/2023\/wp-json\/wp\/v2\/pages\/632\/revisions\/1056"}],"wp:attachment":[{"href":"https:\/\/aaa.rapport-annuel.lu\/2023\/wp-json\/wp\/v2\/media?parent=632"}],"curies":[{"name":"wp","href":"https:\/\/api.w.org\/{rel}","templated":true}]}}